{"id":3079,"date":"2020-07-01T18:37:56","date_gmt":"2020-07-01T15:37:56","guid":{"rendered":"https:\/\/www.orgbalt.eu\/?page_id=3079"},"modified":"2020-07-02T08:44:47","modified_gmt":"2020-07-02T05:44:47","slug":"life-orgbalt-latvijas-nacionalais-seminars","status":"publish","type":"page","link":"https:\/\/www.orgbalt.eu\/?page_id=3079&lang=lv","title":{"rendered":"LIFE OrgBalt Latvijas nacion\u0101lais semin\u0101rs"},"content":{"rendered":"<p><strong>Klimata p\u0101rmai\u0146u samazin\u0101\u0161anas pas\u0101kumi augl\u012bg\u0101s organiskaj\u0101s augsn\u0113s<\/strong><br><!--StartFragment--><\/p>\n\n\n<p><strong>Laiks: <\/strong>01.07.2020.<\/p>\n\n\n\n<p><strong>Vieta:<\/strong>&nbsp;Tie\u0161saistes semin\u0101rs Latvij\u0101 <\/p>\n\n\n\n<p><strong>Organiz\u0113: <\/strong>Latvijas Republikas Zemkop\u012bbas ministrija<\/p>\n\n\n\n<p><a href=\"https:\/\/www.orgbalt.eu\/?p=3098&amp;lang=lv\" target=\"_blank\" rel=\"noreferrer noopener\" aria-label=\"Vair\u0101k par semin\u0101ru: las\u012bt \u0160EIT (opens in a new tab)\"><strong>Vair\u0101k par semin\u0101ru:<\/strong> las\u012bt \u0160EIT<\/a><\/p>\n\n\n\n<p><a href=\"https:\/\/www.orgbalt.eu\/wp-content\/uploads\/2020\/06\/20200701_LIFE-OrgBalt_seminara_programma.pdf\" target=\"_blank\" rel=\"noreferrer noopener\" aria-label=\"Semin\u0101ra programma: \u0160EIT (opens in a new tab)\"><strong>Semin\u0101ra programma<\/strong>: \u0160EIT<\/a><\/p>\n\n\n\n<p><strong>Prezent\u0101cijas:<\/strong><br><em>(nospiediet uz nosaukuma, lai skat\u012btu prezent\u0101ciju) <\/em><\/p>\n\n\n\n<ul class=\"wp-block-list\"><li><a rel=\"noreferrer noopener\" aria-label=\"LIFE OrgBalt projekts \u2013&nbsp;visp\u0101r\u012bga inform\u0101cija par projektu, t\u0101 sagaid\u0101majiem rezult\u0101tiem un m\u0113r\u0137iem (opens in a new tab)\" href=\"https:\/\/www.orgbalt.eu\/wp-content\/uploads\/2020\/07\/I_Licite_LIFEOrgBalt_vispariga-informacija-par-projektu_.pdf\" target=\"_blank\"><strong>LIFE OrgBalt projekts \u2013&nbsp;visp\u0101r\u012bga inform\u0101cija par projektu, t\u0101 sagaid\u0101majiem rezult\u0101tiem un m\u0113r\u0137iem<\/strong><\/a>, <em>Ieva L\u012bc\u012bte, Latvijas Valsts me\u017ezin\u0101tnes instit\u016bts \u201cSilava\u201d<\/em> <\/li><li><a rel=\"noreferrer noopener\" aria-label=\"Siltumn\u012bcefekta g\u0101zu emisiju (SEG) m\u0113r\u012bjumi LIFE OrgBalt projekt\u0101 \u2013 kas, kur, k\u0101 tiks m\u0113r\u012bts (opens in a new tab)\" href=\"https:\/\/www.orgbalt.eu\/wp-content\/uploads\/2020\/07\/A_Lazdins_Merijumi_LIFE_OrgBalt.pdf\" target=\"_blank\"><strong>Siltumn\u012bcefekta g\u0101zu emisiju (SEG) m\u0113r\u012bjumi LIFE OrgBalt projekt\u0101 \u2013 kas, kur, k\u0101 tiks m\u0113r\u012bts<\/strong><\/a>, <em>Andis Lazdi\u0146\u0161, Latvijas Valsts me\u017ezin\u0101tnes instit\u016bts \u201cSilava\u201d<\/em> <\/li><li><a rel=\"noreferrer noopener\" aria-label=\"Iepaz\u012bstin\u0101\u0161ana ar identific\u0113tajiem klimata p\u0101rmai\u0146u samazino\u0161ajiem pas\u0101kumiem un projekta demo teritorij\u0101m (opens in a new tab)\" href=\"https:\/\/www.orgbalt.eu\/wp-content\/uploads\/2020\/07\/A_Lazdins_Klimata_Pasakumi_LIFE_OrgBalt.pdf\" target=\"_blank\"><strong>Iepaz\u012bstin\u0101\u0161ana ar identific\u0113tajiem klimata p\u0101rmai\u0146u samazino\u0161ajiem pas\u0101kumiem un projekta demo<\/strong> <strong>teritorij\u0101m<\/strong><\/a>, <em>Andis Lazdi\u0146\u0161, Latvijas Valsts me\u017ezin\u0101tnes instit\u016bts \u201cSilava\u201d<\/em> <\/li><li><a rel=\"noreferrer noopener\" aria-label=\"Iepaz\u012bstin\u0101\u0161ana ar identific\u0113tajiem klimata p\u0101rmai\u0146u samazino\u0161ajiem pas\u0101kumiem un projekta demo teritorij\u0101m (opens in a new tab)\" href=\"https:\/\/www.orgbalt.eu\/wp-content\/uploads\/2020\/07\/A_Lagzdins_LIFE_OrgBalt_klimata-pasakumi-un-demo-teritorijas.pdf\" target=\"_blank\"><strong>Iepaz\u012bstin\u0101\u0161ana ar identific\u0113tajiem klimata p\u0101rmai\u0146u samazino\u0161ajiem pas\u0101kumiem un projekta demo teritorij\u0101m<\/strong><\/a>, <em>Ainis Lagzdi\u0146\u0161, Latvijas Lauksaimniec\u012bbas universit\u0101te<\/em> <\/li><li><a rel=\"noreferrer noopener\" aria-label=\"Simul\u0101cijas r\u012bka izstr\u0101de identific\u0113to klimata p\u0101rmai\u0146u samazin\u0101\u0161anas pas\u0101kumu soci\u0101lekonomisk\u0101s ietekmes nov\u0113rt\u0113\u0161anai, (opens in a new tab)\" href=\"https:\/\/www.orgbalt.eu\/wp-content\/uploads\/2020\/07\/A_Nipers_1_julijs_OrgBalt_simulacijas_riks_C5.pdf\" target=\"_blank\"><strong>Simul\u0101cijas r\u012bka izstr\u0101de identific\u0113to klimata p\u0101rmai\u0146u samazin\u0101\u0161anas pas\u0101kumu soci\u0101lekonomisk\u0101s ietekmes nov\u0113rt\u0113\u0161anai<\/strong>,<\/a> <em>Aleksejs Nipers, Latvijas Lauksaimniec\u012bbas universit\u0101te<\/em><\/li><li><a rel=\"noreferrer noopener\" aria-label=\"Paredzam\u0101 projekta rezult\u0101tu ievie\u0161ana KLP un klimata politik\u0101s, pl\u0101notie apm\u0101c\u012bbu semin\u0101ri konsultantiem, lauksaimniekiem un me\u017esaimniekiem (opens in a new tab)\" href=\"https:\/\/www.orgbalt.eu\/wp-content\/uploads\/2020\/07\/K_Sirma_Projekta-rezultati-un-politikas-veidosana_LIFE-OrgBalt_ZM.pdf\" target=\"_blank\"><strong>Paredzam\u0101 projekta rezult\u0101tu ievie\u0161ana KLP un klimata politik\u0101s, pl\u0101notie apm\u0101c\u012bbu semin\u0101ri konsultantiem, lauksaimniekiem un me\u017esaimniekiem<\/strong><\/a>, <em>Krist\u012bne Sirm\u0101, Zemkop\u012bbas ministrija<\/em> <\/li><li><a rel=\"noreferrer noopener\" aria-label=\"Priv\u0101t\u0101 un publisk\u0101 sektora sadarb\u012bbas modelis klimata p\u0101rmai\u0146u samazin\u0101\u0161anas pas\u0101kumu finansi\u0101lam atbalstam n\u0101kotn\u0113 (opens in a new tab)\" href=\"https:\/\/www.orgbalt.eu\/wp-content\/uploads\/2020\/07\/E_Konstantinova_LIFEorgBalt.pdf\" target=\"_blank\"><strong>Priv\u0101t\u0101 un publisk\u0101 sektora sadarb\u012bbas modelis klimata p\u0101rmai\u0146u samazin\u0101\u0161anas pas\u0101kumu finansi\u0101lam atbalstam<\/strong> <strong>n\u0101kotn\u0113<\/strong><\/a>, <em>El\u012bna Konstantinova, Biedr\u012bba \u201cBaltijas krasti\u201d<\/em> <\/li><\/ul>\n\n\n\n<figure class=\"wp-block-gallery columns-3 is-cropped wp-block-gallery-1 is-layout-flex wp-block-gallery-is-layout-flex\"><ul class=\"blocks-gallery-grid\"><li class=\"blocks-gallery-item\"><figure><img loading=\"lazy\" decoding=\"async\" width=\"1024\" height=\"669\" src=\"https:\/\/www.orgbalt.eu\/wp-content\/uploads\/2020\/07\/3_Ministrs-1-1024x669.jpg\" alt=\"\" data-id=\"3080\" data-full-url=\"https:\/\/www.orgbalt.eu\/wp-content\/uploads\/2020\/07\/3_Ministrs-1.jpg\" data-link=\"https:\/\/www.orgbalt.eu\/?attachment_id=3080\" class=\"wp-image-3080\" srcset=\"https:\/\/www.orgbalt.eu\/wp-content\/uploads\/2020\/07\/3_Ministrs-1-1024x669.jpg 1024w, https:\/\/www.orgbalt.eu\/wp-content\/uploads\/2020\/07\/3_Ministrs-1-300x196.jpg 300w, https:\/\/www.orgbalt.eu\/wp-content\/uploads\/2020\/07\/3_Ministrs-1-768x502.jpg 768w, https:\/\/www.orgbalt.eu\/wp-content\/uploads\/2020\/07\/3_Ministrs-1-1536x1003.jpg 1536w, https:\/\/www.orgbalt.eu\/wp-content\/uploads\/2020\/07\/3_Ministrs-1.jpg 1600w\" sizes=\"auto, (max-width: 1024px) 100vw, 1024px\" \/><\/figure><\/li><li class=\"blocks-gallery-item\"><figure><img loading=\"lazy\" decoding=\"async\" width=\"1024\" height=\"673\" src=\"https:\/\/www.orgbalt.eu\/wp-content\/uploads\/2020\/07\/8_Andis-1-1024x673.jpg\" alt=\"\" data-id=\"3081\" data-full-url=\"https:\/\/www.orgbalt.eu\/wp-content\/uploads\/2020\/07\/8_Andis-1.jpg\" data-link=\"https:\/\/www.orgbalt.eu\/?attachment_id=3081\" class=\"wp-image-3081\" srcset=\"https:\/\/www.orgbalt.eu\/wp-content\/uploads\/2020\/07\/8_Andis-1-1024x673.jpg 1024w, https:\/\/www.orgbalt.eu\/wp-content\/uploads\/2020\/07\/8_Andis-1-300x197.jpg 300w, https:\/\/www.orgbalt.eu\/wp-content\/uploads\/2020\/07\/8_Andis-1-768x505.jpg 768w, https:\/\/www.orgbalt.eu\/wp-content\/uploads\/2020\/07\/8_Andis-1-1536x1010.jpg 1536w, https:\/\/www.orgbalt.eu\/wp-content\/uploads\/2020\/07\/8_Andis-1.jpg 1592w\" sizes=\"auto, (max-width: 1024px) 100vw, 1024px\" \/><\/figure><\/li><li class=\"blocks-gallery-item\"><figure><img loading=\"lazy\" decoding=\"async\" width=\"1024\" height=\"649\" src=\"https:\/\/www.orgbalt.eu\/wp-content\/uploads\/2020\/07\/12_Kristine-1-1024x649.jpg\" alt=\"\" data-id=\"3082\" data-full-url=\"https:\/\/www.orgbalt.eu\/wp-content\/uploads\/2020\/07\/12_Kristine-1.jpg\" data-link=\"https:\/\/www.orgbalt.eu\/?attachment_id=3082\" class=\"wp-image-3082\" srcset=\"https:\/\/www.orgbalt.eu\/wp-content\/uploads\/2020\/07\/12_Kristine-1-1024x649.jpg 1024w, https:\/\/www.orgbalt.eu\/wp-content\/uploads\/2020\/07\/12_Kristine-1-300x190.jpg 300w, https:\/\/www.orgbalt.eu\/wp-content\/uploads\/2020\/07\/12_Kristine-1-768x487.jpg 768w, https:\/\/www.orgbalt.eu\/wp-content\/uploads\/2020\/07\/12_Kristine-1-1536x973.jpg 1536w, https:\/\/www.orgbalt.eu\/wp-content\/uploads\/2020\/07\/12_Kristine-1.jpg 1600w\" sizes=\"auto, (max-width: 1024px) 100vw, 1024px\" \/><\/figure><\/li><li class=\"blocks-gallery-item\"><figure><img loading=\"lazy\" decoding=\"async\" width=\"1024\" height=\"537\" src=\"https:\/\/www.orgbalt.eu\/wp-content\/uploads\/2020\/07\/K-1-1024x537.jpg\" alt=\"\" data-id=\"3084\" data-full-url=\"https:\/\/www.orgbalt.eu\/wp-content\/uploads\/2020\/07\/K-1.jpg\" data-link=\"https:\/\/www.orgbalt.eu\/?attachment_id=3084\" class=\"wp-image-3084\" srcset=\"https:\/\/www.orgbalt.eu\/wp-content\/uploads\/2020\/07\/K-1-1024x537.jpg 1024w, https:\/\/www.orgbalt.eu\/wp-content\/uploads\/2020\/07\/K-1-300x157.jpg 300w, https:\/\/www.orgbalt.eu\/wp-content\/uploads\/2020\/07\/K-1-768x403.jpg 768w, https:\/\/www.orgbalt.eu\/wp-content\/uploads\/2020\/07\/K-1.jpg 1347w\" sizes=\"auto, (max-width: 1024px) 100vw, 1024px\" \/><\/figure><\/li><li class=\"blocks-gallery-item\"><figure><img loading=\"lazy\" decoding=\"async\" width=\"1024\" height=\"721\" src=\"https:\/\/www.orgbalt.eu\/wp-content\/uploads\/2020\/07\/Anot\u0101cija-2020-07-01-114741-1-1024x721.jpg\" alt=\"\" data-id=\"3083\" data-full-url=\"https:\/\/www.orgbalt.eu\/wp-content\/uploads\/2020\/07\/Anot\u0101cija-2020-07-01-114741-1.jpg\" data-link=\"https:\/\/www.orgbalt.eu\/?attachment_id=3083\" class=\"wp-image-3083\" srcset=\"https:\/\/www.orgbalt.eu\/wp-content\/uploads\/2020\/07\/Anot\u0101cija-2020-07-01-114741-1-1024x721.jpg 1024w, https:\/\/www.orgbalt.eu\/wp-content\/uploads\/2020\/07\/Anot\u0101cija-2020-07-01-114741-1-300x211.jpg 300w, https:\/\/www.orgbalt.eu\/wp-content\/uploads\/2020\/07\/Anot\u0101cija-2020-07-01-114741-1-768x541.jpg 768w, https:\/\/www.orgbalt.eu\/wp-content\/uploads\/2020\/07\/Anot\u0101cija-2020-07-01-114741-1.jpg 1441w\" sizes=\"auto, (max-width: 1024px) 100vw, 1024px\" \/><\/figure><\/li><\/ul><\/figure>\n","protected":false},"excerpt":{"rendered":"<p>Klimata p\u0101rmai\u0146u samazin\u0101\u0161anas pas\u0101kumi augl\u012bg\u0101s organiskaj\u0101s augsn\u0113s Laiks: 01.07.2020. Vieta:&nbsp;Tie\u0161saistes semin\u0101rs Latvij\u0101 Organiz\u0113: Latvijas Republikas Zemkop\u012bbas ministrija Vair\u0101k par semin\u0101ru: las\u012bt \u0160EIT Semin\u0101ra programma: \u0160EIT Prezent\u0101cijas:(nospiediet uz nosaukuma, lai skat\u012btu [&hellip;]<\/p>\n","protected":false},"author":2,"featured_media":0,"parent":2831,"menu_order":0,"comment_status":"closed","ping_status":"closed","template":"","meta":{"footnotes":""},"class_list":["post-3079","page","type-page","status-publish","hentry"],"post_mailing_queue_ids":[],"_links":{"self":[{"href":"https:\/\/www.orgbalt.eu\/index.php?rest_route=\/wp\/v2\/pages\/3079","targetHints":{"allow":["GET"]}}],"collection":[{"href":"https:\/\/www.orgbalt.eu\/index.php?rest_route=\/wp\/v2\/pages"}],"about":[{"href":"https:\/\/www.orgbalt.eu\/index.php?rest_route=\/wp\/v2\/types\/page"}],"author":[{"embeddable":true,"href":"https:\/\/www.orgbalt.eu\/index.php?rest_route=\/wp\/v2\/users\/2"}],"replies":[{"embeddable":true,"href":"https:\/\/www.orgbalt.eu\/index.php?rest_route=%2Fwp%2Fv2%2Fcomments&post=3079"}],"version-history":[{"count":5,"href":"https:\/\/www.orgbalt.eu\/index.php?rest_route=\/wp\/v2\/pages\/3079\/revisions"}],"predecessor-version":[{"id":3102,"href":"https:\/\/www.orgbalt.eu\/index.php?rest_route=\/wp\/v2\/pages\/3079\/revisions\/3102"}],"up":[{"embeddable":true,"href":"https:\/\/www.orgbalt.eu\/index.php?rest_route=\/wp\/v2\/pages\/2831"}],"wp:attachment":[{"href":"https:\/\/www.orgbalt.eu\/index.php?rest_route=%2Fwp%2Fv2%2Fmedia&parent=3079"}],"curies":[{"name":"wp","href":"https:\/\/api.w.org\/{rel}","templated":true}]}}